{"id":84,"date":"2015-11-03T17:33:22","date_gmt":"2015-11-03T16:33:22","guid":{"rendered":"http:\/\/www.sdis-etraz-region.ch\/?page_id=84"},"modified":"2026-01-07T15:51:38","modified_gmt":"2026-01-07T14:51:38","slug":"partenaires","status":"publish","type":"page","link":"https:\/\/www.sdis-etraz-region.ch\/index.php\/partenaires\/","title":{"rendered":"Partenaires"},"content":{"rendered":"<p>[vc_row bg_color=&#8221;#ffffff&#8221;][vc_column][vc_column_text css=&#8221;.vc_custom_1765925675265{margin-bottom: 80px !important;}&#8221;]<\/p>\n<h1><strong>Institutions et entreprises avec label &#8220;employeur partenaire&#8221;<\/strong><\/h1>\n<p><a href=\"https:\/\/www.eca-vaud.ch\/sapeurs-pompiers\/devenir-sapeur-pompier\/label-employeur-partenaire\/\"><img loading=\"lazy\" class=\"wp-image-2340 size-thumbnail alignleft\" src=\"https:\/\/www.sdis-etraz-region.ch\/wp-content\/uploads\/2025\/12\/logo-employeur-plein_1x1-150x150.png\" alt=\"\" width=\"150\" height=\"150\" srcset=\"https:\/\/www.sdis-etraz-region.ch\/wp-content\/uploads\/2025\/12\/logo-employeur-plein_1x1-150x150.png 150w, https:\/\/www.sdis-etraz-region.ch\/wp-content\/uploads\/2025\/12\/logo-employeur-plein_1x1-300x300.png 300w, https:\/\/www.sdis-etraz-region.ch\/wp-content\/uploads\/2025\/12\/logo-employeur-plein_1x1-1024x1024.png 1024w, https:\/\/www.sdis-etraz-region.ch\/wp-content\/uploads\/2025\/12\/logo-employeur-plein_1x1-768x768.png 768w, https:\/\/www.sdis-etraz-region.ch\/wp-content\/uploads\/2025\/12\/logo-employeur-plein_1x1-1536x1536.png 1536w, https:\/\/www.sdis-etraz-region.ch\/wp-content\/uploads\/2025\/12\/logo-employeur-plein_1x1-24x24.png 24w, https:\/\/www.sdis-etraz-region.ch\/wp-content\/uploads\/2025\/12\/logo-employeur-plein_1x1-36x36.png 36w, https:\/\/www.sdis-etraz-region.ch\/wp-content\/uploads\/2025\/12\/logo-employeur-plein_1x1-48x48.png 48w, https:\/\/www.sdis-etraz-region.ch\/wp-content\/uploads\/2025\/12\/logo-employeur-plein_1x1.png 1877w\" sizes=\"(max-width: 150px) 100vw, 150px\" \/><\/a>Le label \u00ab\u2009Employeur partenaire\u2009\u00bb est d\u00e9cern\u00e9 aux entreprises, communes et entit\u00e9s publiques qui emploient un ou des sapeurs-pompiers. Il s\u2019agit d\u2019une reconnaissance de leur implication dans le syst\u00e8me de protection contre le feu et les \u00e9l\u00e9ments naturels.<\/p>\n<p><a href=\"https:\/\/www.118-info.ch\/entreprises\/obtenir-le-label-employeur-partenaire\">Obtenir le label<\/a>[\/vc_column_text][vc_column_text css=&#8221;.vc_custom_1765921403657{padding-bottom: 20px !important;}&#8221;]<\/p>\n<h2><strong>Nos entreprises labellis\u00e9es<\/strong><\/h2>\n<p>[\/vc_column_text][vc_row_inner el_class=&#8221;partenairesBlock&#8221;][vc_column_inner width=&#8221;1\/3&#8243;][vc_column_text css=&#8221;.vc_custom_1766009013659{padding-bottom: 50px !important;}&#8221;]<\/p>\n<p style=\"text-align: center;\"><strong>La Forge du Camp<\/strong><\/p>\n<p style=\"text-align: center;\"><a href=\"https:\/\/cloche.ch\/\" target=\"_blank\" rel=\"noopener\"><img loading=\"lazy\" class=\"aligncenter wp-image-2379 size-thumbnail\" src=\"https:\/\/www.sdis-etraz-region.ch\/wp-content\/uploads\/2025\/12\/La-Forge-du-Camp_logo-150x150.png\" alt=\"\" width=\"150\" height=\"150\" srcset=\"https:\/\/www.sdis-etraz-region.ch\/wp-content\/uploads\/2025\/12\/La-Forge-du-Camp_logo-150x150.png 150w, https:\/\/www.sdis-etraz-region.ch\/wp-content\/uploads\/2025\/12\/La-Forge-du-Camp_logo-24x24.png 24w, https:\/\/www.sdis-etraz-region.ch\/wp-content\/uploads\/2025\/12\/La-Forge-du-Camp_logo-36x36.png 36w, https:\/\/www.sdis-etraz-region.ch\/wp-content\/uploads\/2025\/12\/La-Forge-du-Camp_logo-48x48.png 48w, https:\/\/www.sdis-etraz-region.ch\/wp-content\/uploads\/2025\/12\/La-Forge-du-Camp_logo.png 197w\" sizes=\"(max-width: 150px) 100vw, 150px\" \/><\/a><\/p>\n<p>[\/vc_column_text][\/vc_column_inner][vc_column_inner width=&#8221;1\/3&#8243;][vc_column_text css=&#8221;.vc_custom_1765924172715{padding-bottom: 50px !important;}&#8221;]<\/p>\n<p style=\"text-align: center;\"><strong>Les Souches de Bamajo<\/strong><\/p>\n<p style=\"text-align: center;\"><a href=\"https:\/\/www.bamajo.ch\" target=\"_blank\" rel=\"noopener\"><img loading=\"lazy\" class=\"aligncenter wp-image-2360 size-thumbnail\" src=\"https:\/\/www.sdis-etraz-region.ch\/wp-content\/uploads\/2025\/12\/Les-Souches-de-Bamajo_Logo-150x150.png\" alt=\"\" width=\"150\" height=\"150\" srcset=\"https:\/\/www.sdis-etraz-region.ch\/wp-content\/uploads\/2025\/12\/Les-Souches-de-Bamajo_Logo-150x150.png 150w, https:\/\/www.sdis-etraz-region.ch\/wp-content\/uploads\/2025\/12\/Les-Souches-de-Bamajo_Logo-300x300.png 300w, https:\/\/www.sdis-etraz-region.ch\/wp-content\/uploads\/2025\/12\/Les-Souches-de-Bamajo_Logo-24x24.png 24w, https:\/\/www.sdis-etraz-region.ch\/wp-content\/uploads\/2025\/12\/Les-Souches-de-Bamajo_Logo-36x36.png 36w, https:\/\/www.sdis-etraz-region.ch\/wp-content\/uploads\/2025\/12\/Les-Souches-de-Bamajo_Logo-48x48.png 48w, https:\/\/www.sdis-etraz-region.ch\/wp-content\/uploads\/2025\/12\/Les-Souches-de-Bamajo_Logo.png 500w\" sizes=\"(max-width: 150px) 100vw, 150px\" \/><\/a><\/p>\n<p>[\/vc_column_text][\/vc_column_inner][vc_column_inner width=&#8221;1\/3&#8243;][vc_column_text css=&#8221;.vc_custom_1765924621475{padding-bottom: 50px !important;}&#8221;]<\/p>\n<p style=\"text-align: center;\"><strong>Domaine de Haute Cour<\/strong><\/p>\n<p><a href=\"https:\/\/www.hautecour.ch\/\" target=\"_blank\" rel=\"noopener\"><img loading=\"lazy\" class=\"wp-image-2365 size-thumbnail aligncenter\" src=\"https:\/\/www.sdis-etraz-region.ch\/wp-content\/uploads\/2025\/12\/Domaine-de-Haute-Cour_logo-150x150.png\" alt=\"\" width=\"150\" height=\"150\" srcset=\"https:\/\/www.sdis-etraz-region.ch\/wp-content\/uploads\/2025\/12\/Domaine-de-Haute-Cour_logo-150x150.png 150w, https:\/\/www.sdis-etraz-region.ch\/wp-content\/uploads\/2025\/12\/Domaine-de-Haute-Cour_logo-24x24.png 24w, https:\/\/www.sdis-etraz-region.ch\/wp-content\/uploads\/2025\/12\/Domaine-de-Haute-Cour_logo-36x36.png 36w, https:\/\/www.sdis-etraz-region.ch\/wp-content\/uploads\/2025\/12\/Domaine-de-Haute-Cour_logo-48x48.png 48w, https:\/\/www.sdis-etraz-region.ch\/wp-content\/uploads\/2025\/12\/Domaine-de-Haute-Cour_logo.png 225w\" sizes=\"(max-width: 150px) 100vw, 150px\" \/><\/a>[\/vc_column_text][\/vc_column_inner][vc_column_inner width=&#8221;1\/3&#8243;][vc_column_text css=&#8221;.vc_custom_1765924878539{margin-bottom: 50px !important;}&#8221;]<\/p>\n<p style=\"text-align: center;\"><strong>Garage Grosjean<\/strong><\/p>\n<p style=\"text-align: center;\"><a href=\"https:\/\/garage-grosjean.hyundai.ch\/\" target=\"_blank\" rel=\"noopener\"><br \/>\n<img loading=\"lazy\" class=\"wp-image-2373 size-thumbnail aligncenter\" src=\"https:\/\/www.sdis-etraz-region.ch\/wp-content\/uploads\/2025\/12\/Garage-gabriel-grosjean_logo-150x150.png\" alt=\"\" width=\"150\" height=\"150\" srcset=\"https:\/\/www.sdis-etraz-region.ch\/wp-content\/uploads\/2025\/12\/Garage-gabriel-grosjean_logo-150x150.png 150w, https:\/\/www.sdis-etraz-region.ch\/wp-content\/uploads\/2025\/12\/Garage-gabriel-grosjean_logo-300x300.png 300w, https:\/\/www.sdis-etraz-region.ch\/wp-content\/uploads\/2025\/12\/Garage-gabriel-grosjean_logo-24x24.png 24w, https:\/\/www.sdis-etraz-region.ch\/wp-content\/uploads\/2025\/12\/Garage-gabriel-grosjean_logo-36x36.png 36w, https:\/\/www.sdis-etraz-region.ch\/wp-content\/uploads\/2025\/12\/Garage-gabriel-grosjean_logo-48x48.png 48w, https:\/\/www.sdis-etraz-region.ch\/wp-content\/uploads\/2025\/12\/Garage-gabriel-grosjean_logo.png 327w\" sizes=\"(max-width: 150px) 100vw, 150px\" \/><\/a><\/p>\n<p>[\/vc_column_text][\/vc_column_inner][vc_column_inner width=&#8221;1\/3&#8243;][vc_column_text css=&#8221;.vc_custom_1765924826601{padding-bottom: 50px !important;}&#8221;]<\/p>\n<p style=\"text-align: center;\"><strong>MB Vins<\/strong><\/p>\n<p style=\"text-align: center;\"><a href=\"https:\/\/mb-vins.ch\/\" target=\"_blank\" rel=\"noopener\"><br \/>\n<\/a><a href=\"https:\/\/mb-vins.ch\/\" target=\"_blank\" rel=\"noopener\"><img loading=\"lazy\" class=\"aligncenter wp-image-2377\" src=\"https:\/\/www.sdis-etraz-region.ch\/wp-content\/uploads\/2025\/12\/MB-Vins_Logo-150x150.png\" alt=\"\" width=\"150\" height=\"150\" srcset=\"https:\/\/www.sdis-etraz-region.ch\/wp-content\/uploads\/2025\/12\/MB-Vins_Logo-150x150.png 150w, https:\/\/www.sdis-etraz-region.ch\/wp-content\/uploads\/2025\/12\/MB-Vins_Logo-24x24.png 24w, https:\/\/www.sdis-etraz-region.ch\/wp-content\/uploads\/2025\/12\/MB-Vins_Logo-36x36.png 36w, https:\/\/www.sdis-etraz-region.ch\/wp-content\/uploads\/2025\/12\/MB-Vins_Logo-48x48.png 48w, https:\/\/www.sdis-etraz-region.ch\/wp-content\/uploads\/2025\/12\/MB-Vins_Logo.png 225w\" sizes=\"(max-width: 150px) 100vw, 150px\" \/><\/a><\/p>\n<p>[\/vc_column_text][\/vc_column_inner][vc_column_inner width=&#8221;1\/3&#8243;][vc_column_text css=&#8221;.vc_custom_1765924987668{padding-bottom: 50px !important;}&#8221;]<\/p>\n<p style=\"text-align: center;\"><strong>Domaine Chamvalon<\/strong><\/p>\n<p>&nbsp;<\/p>\n<p style=\"text-align: center;\"><a href=\"https:\/\/domainechamvalon.ch\/\" target=\"_blank\" rel=\"noopener\"><img loading=\"lazy\" class=\"aligncenter wp-image-2369 size-thumbnail\" src=\"https:\/\/www.sdis-etraz-region.ch\/wp-content\/uploads\/2025\/12\/Domaine-Chamvalon_Logo-150x150.png\" alt=\"\" width=\"150\" height=\"150\" srcset=\"https:\/\/www.sdis-etraz-region.ch\/wp-content\/uploads\/2025\/12\/Domaine-Chamvalon_Logo-150x150.png 150w, https:\/\/www.sdis-etraz-region.ch\/wp-content\/uploads\/2025\/12\/Domaine-Chamvalon_Logo-300x300.png 300w, https:\/\/www.sdis-etraz-region.ch\/wp-content\/uploads\/2025\/12\/Domaine-Chamvalon_Logo-24x24.png 24w, https:\/\/www.sdis-etraz-region.ch\/wp-content\/uploads\/2025\/12\/Domaine-Chamvalon_Logo-36x36.png 36w, https:\/\/www.sdis-etraz-region.ch\/wp-content\/uploads\/2025\/12\/Domaine-Chamvalon_Logo-48x48.png 48w, https:\/\/www.sdis-etraz-region.ch\/wp-content\/uploads\/2025\/12\/Domaine-Chamvalon_Logo.png 311w\" sizes=\"(max-width: 150px) 100vw, 150px\" \/><\/a><\/p>\n<p>[\/vc_column_text][\/vc_column_inner][vc_column_inner width=&#8221;1\/3&#8243;][vc_column_text css=&#8221;.vc_custom_1765924267818{padding-bottom: 50px !important;}&#8221;]<\/p>\n<p style=\"text-align: center;\"><strong>Merck Serono SA<\/strong><\/p>\n<p style=\"text-align: center;\"><a href=\"https:\/\/www.merckgroup.com\/en\" target=\"_blank\" rel=\"noopener\"><img loading=\"lazy\" class=\"aligncenter wp-image-2375 size-thumbnail\" src=\"https:\/\/www.sdis-etraz-region.ch\/wp-content\/uploads\/2025\/12\/Merck-Serono_Logo-1-150x150.png\" alt=\"\" width=\"150\" height=\"150\" srcset=\"https:\/\/www.sdis-etraz-region.ch\/wp-content\/uploads\/2025\/12\/Merck-Serono_Logo-1-150x150.png 150w, https:\/\/www.sdis-etraz-region.ch\/wp-content\/uploads\/2025\/12\/Merck-Serono_Logo-1-300x300.png 300w, https:\/\/www.sdis-etraz-region.ch\/wp-content\/uploads\/2025\/12\/Merck-Serono_Logo-1-24x24.png 24w, https:\/\/www.sdis-etraz-region.ch\/wp-content\/uploads\/2025\/12\/Merck-Serono_Logo-1-36x36.png 36w, https:\/\/www.sdis-etraz-region.ch\/wp-content\/uploads\/2025\/12\/Merck-Serono_Logo-1-48x48.png 48w, https:\/\/www.sdis-etraz-region.ch\/wp-content\/uploads\/2025\/12\/Merck-Serono_Logo-1.png 600w\" sizes=\"(max-width: 150px) 100vw, 150px\" \/><\/a><\/p>\n<p>[\/vc_column_text][\/vc_column_inner][vc_column_inner width=&#8221;1\/3&#8243;][vc_column_text css=&#8221;.vc_custom_1765924274945{padding-bottom: 50px !important;}&#8221;]<\/p>\n<p style=\"text-align: center;\"><strong>SPAA<\/strong><\/p>\n<p style=\"text-align: center;\"><a href=\"https:\/\/www.bul.ch\/fr-ch\" target=\"_blank\" rel=\"noopener\"><img loading=\"lazy\" class=\"aligncenter wp-image-2383 size-thumbnail\" src=\"https:\/\/www.sdis-etraz-region.ch\/wp-content\/uploads\/2025\/12\/SPAA_logo-150x150.png\" alt=\"\" width=\"150\" height=\"150\" srcset=\"https:\/\/www.sdis-etraz-region.ch\/wp-content\/uploads\/2025\/12\/SPAA_logo-150x150.png 150w, https:\/\/www.sdis-etraz-region.ch\/wp-content\/uploads\/2025\/12\/SPAA_logo-24x24.png 24w, https:\/\/www.sdis-etraz-region.ch\/wp-content\/uploads\/2025\/12\/SPAA_logo-36x36.png 36w, https:\/\/www.sdis-etraz-region.ch\/wp-content\/uploads\/2025\/12\/SPAA_logo-48x48.png 48w, https:\/\/www.sdis-etraz-region.ch\/wp-content\/uploads\/2025\/12\/SPAA_logo.png 221w\" sizes=\"(max-width: 150px) 100vw, 150px\" \/><\/a><\/p>\n<p>[\/vc_column_text][\/vc_column_inner][vc_column_inner width=&#8221;1\/3&#8243;][vc_column_text css=&#8221;.vc_custom_1765924283315{padding-bottom: 50px !important;}&#8221;]<\/p>\n<p style=\"text-align: center;\"><strong>SEFA<\/strong><\/p>\n<p><a href=\"https:\/\/www.sefa.ch\/\" target=\"_blank\" rel=\"noopener\"><img loading=\"lazy\" class=\"wp-image-2382 size-thumbnail aligncenter\" src=\"https:\/\/www.sdis-etraz-region.ch\/wp-content\/uploads\/2025\/12\/SEFA_logo-150x150.png\" alt=\"\" width=\"150\" height=\"150\" srcset=\"https:\/\/www.sdis-etraz-region.ch\/wp-content\/uploads\/2025\/12\/SEFA_logo-150x150.png 150w, https:\/\/www.sdis-etraz-region.ch\/wp-content\/uploads\/2025\/12\/SEFA_logo-24x24.png 24w, https:\/\/www.sdis-etraz-region.ch\/wp-content\/uploads\/2025\/12\/SEFA_logo-36x36.png 36w, https:\/\/www.sdis-etraz-region.ch\/wp-content\/uploads\/2025\/12\/SEFA_logo-48x48.png 48w, https:\/\/www.sdis-etraz-region.ch\/wp-content\/uploads\/2025\/12\/SEFA_logo.png 250w\" sizes=\"(max-width: 150px) 100vw, 150px\" \/><\/a>[\/vc_column_text][\/vc_column_inner][vc_column_inner width=&#8221;1\/3&#8243;][vc_column_text css=&#8221;.vc_custom_1766009024566{padding-bottom: 50px !important;}&#8221;]<\/p>\n<p style=\"text-align: center;\"><strong>\u00a0Lecoultre SA<\/strong><\/p>\n<p style=\"text-align: center;\"><a href=\"https:\/\/lecoultre-transports.com\/\" target=\"_blank\" rel=\"noopener\"><img loading=\"lazy\" class=\"aligncenter wp-image-2396 size-thumbnail\" src=\"https:\/\/www.sdis-etraz-region.ch\/wp-content\/uploads\/2025\/12\/Lecoultre_logo-150x150.png\" alt=\"\" width=\"150\" height=\"150\" srcset=\"https:\/\/www.sdis-etraz-region.ch\/wp-content\/uploads\/2025\/12\/Lecoultre_logo-150x150.png 150w, https:\/\/www.sdis-etraz-region.ch\/wp-content\/uploads\/2025\/12\/Lecoultre_logo-24x24.png 24w, https:\/\/www.sdis-etraz-region.ch\/wp-content\/uploads\/2025\/12\/Lecoultre_logo-36x36.png 36w, https:\/\/www.sdis-etraz-region.ch\/wp-content\/uploads\/2025\/12\/Lecoultre_logo-48x48.png 48w, https:\/\/www.sdis-etraz-region.ch\/wp-content\/uploads\/2025\/12\/Lecoultre_logo.png 250w\" sizes=\"(max-width: 150px) 100vw, 150px\" \/><\/a><\/p>\n<p>[\/vc_column_text][\/vc_column_inner][vc_column_inner width=&#8221;1\/3&#8243;][vc_column_text css=&#8221;.vc_custom_1765929022208{padding-bottom: 50px !important;}&#8221;]<\/p>\n<p style=\"text-align: center;\"><strong>Chabloz Chiovini &amp; associ\u00e9s<\/strong><\/p>\n<p style=\"text-align: center;\"><a href=\"https:\/\/www.pikbois.ch\/\" target=\"_blank\" rel=\"noopener\"><img loading=\"lazy\" class=\"aligncenter wp-image-2413 size-thumbnail\" src=\"https:\/\/www.sdis-etraz-region.ch\/wp-content\/uploads\/2025\/12\/Chabloz-Chiovini-associes_logo-150x150.jpg\" alt=\"\" width=\"150\" height=\"150\" srcset=\"https:\/\/www.sdis-etraz-region.ch\/wp-content\/uploads\/2025\/12\/Chabloz-Chiovini-associes_logo.jpg 150w, https:\/\/www.sdis-etraz-region.ch\/wp-content\/uploads\/2025\/12\/Chabloz-Chiovini-associes_logo-24x24.jpg 24w, https:\/\/www.sdis-etraz-region.ch\/wp-content\/uploads\/2025\/12\/Chabloz-Chiovini-associes_logo-36x36.jpg 36w, https:\/\/www.sdis-etraz-region.ch\/wp-content\/uploads\/2025\/12\/Chabloz-Chiovini-associes_logo-48x48.jpg 48w\" sizes=\"(max-width: 150px) 100vw, 150px\" \/><\/a><\/p>\n<p>[\/vc_column_text][\/vc_column_inner][vc_column_inner width=&#8221;1\/3&#8243;][vc_column_text css=&#8221;.vc_custom_1765924331049{padding-bottom: 50px !important;}&#8221;]<\/p>\n<p class=\"DUwDvf lfPIob\" style=\"text-align: center;\"><strong>Ferme de la Croix-De-Luisant<\/strong><\/p>\n<p class=\"DUwDvf lfPIob\" style=\"text-align: center;\"><a href=\"https:\/\/www.fromagedechevre.ch\/\" target=\"_blank\" rel=\"noopener\"><img loading=\"lazy\" class=\"aligncenter wp-image-2411 size-thumbnail\" src=\"https:\/\/www.sdis-etraz-region.ch\/wp-content\/uploads\/2025\/12\/Ferme-de-la-Croix-de-Luisant_Logo-150x150.jpg\" alt=\"\" width=\"150\" height=\"150\" srcset=\"https:\/\/www.sdis-etraz-region.ch\/wp-content\/uploads\/2025\/12\/Ferme-de-la-Croix-de-Luisant_Logo.jpg 150w, https:\/\/www.sdis-etraz-region.ch\/wp-content\/uploads\/2025\/12\/Ferme-de-la-Croix-de-Luisant_Logo-24x24.jpg 24w, https:\/\/www.sdis-etraz-region.ch\/wp-content\/uploads\/2025\/12\/Ferme-de-la-Croix-de-Luisant_Logo-36x36.jpg 36w, https:\/\/www.sdis-etraz-region.ch\/wp-content\/uploads\/2025\/12\/Ferme-de-la-Croix-de-Luisant_Logo-48x48.jpg 48w\" sizes=\"(max-width: 150px) 100vw, 150px\" \/><\/a><\/p>\n<p>[\/vc_column_text][\/vc_column_inner][vc_column_inner width=&#8221;1\/3&#8243;][vc_column_text css=&#8221;.vc_custom_1765991246133{padding-bottom: 50px !important;}&#8221;]<\/p>\n<p style=\"text-align: center;\"><strong>Pernet Montage et S\u00e9curit\u00e9 S\u00e0rl<\/strong><\/p>\n<p style=\"text-align: center;\"><img loading=\"lazy\" class=\"aligncenter wp-image-2448 size-thumbnail\" src=\"https:\/\/www.sdis-etraz-region.ch\/wp-content\/uploads\/2025\/12\/PMS-SARL_logo-150x150.png\" alt=\"\" width=\"150\" height=\"150\" srcset=\"https:\/\/www.sdis-etraz-region.ch\/wp-content\/uploads\/2025\/12\/PMS-SARL_logo-150x150.png 150w, https:\/\/www.sdis-etraz-region.ch\/wp-content\/uploads\/2025\/12\/PMS-SARL_logo-24x24.png 24w, https:\/\/www.sdis-etraz-region.ch\/wp-content\/uploads\/2025\/12\/PMS-SARL_logo-36x36.png 36w, https:\/\/www.sdis-etraz-region.ch\/wp-content\/uploads\/2025\/12\/PMS-SARL_logo-48x48.png 48w, https:\/\/www.sdis-etraz-region.ch\/wp-content\/uploads\/2025\/12\/PMS-SARL_logo.png 250w\" sizes=\"(max-width: 150px) 100vw, 150px\" \/><\/p>\n<p>[\/vc_column_text][\/vc_column_inner][vc_column_inner width=&#8221;1\/3&#8243;][vc_column_text css=&#8221;.vc_custom_1767797492445{padding-bottom: 50px !important;}&#8221;]<\/p>\n<p style=\"text-align: center;\"><strong>Chateau de Bursinel &#8211; Caroz SA<\/strong><\/p>\n<p>&nbsp;<\/p>\n<p style=\"text-align: center;\"><img loading=\"lazy\" class=\"aligncenter wp-image-2458 size-full\" src=\"https:\/\/www.sdis-etraz-region.ch\/wp-content\/uploads\/2026\/01\/Chateau-de-Bursinel_Caroz-SA_150.jpg\" alt=\"\" width=\"150\" height=\"108\" srcset=\"https:\/\/www.sdis-etraz-region.ch\/wp-content\/uploads\/2026\/01\/Chateau-de-Bursinel_Caroz-SA_150.jpg 150w, https:\/\/www.sdis-etraz-region.ch\/wp-content\/uploads\/2026\/01\/Chateau-de-Bursinel_Caroz-SA_150-24x17.jpg 24w, https:\/\/www.sdis-etraz-region.ch\/wp-content\/uploads\/2026\/01\/Chateau-de-Bursinel_Caroz-SA_150-36x26.jpg 36w, https:\/\/www.sdis-etraz-region.ch\/wp-content\/uploads\/2026\/01\/Chateau-de-Bursinel_Caroz-SA_150-48x35.jpg 48w\" sizes=\"(max-width: 150px) 100vw, 150px\" \/><\/p>\n<p>[\/vc_column_text][\/vc_column_inner][\/vc_row_inner][\/vc_column][\/vc_row][vc_row bg_color=&#8221;#ffffff&#8221;][vc_column][vc_column_text css=&#8221;.vc_custom_1765921348891{padding-bottom: 20px !important;}&#8221;]<\/p>\n<h2><strong>Nos communes labellis\u00e9es<\/strong><\/h2>\n<p>[\/vc_column_text][vc_row_inner el_class=&#8221;partenairesBlock&#8221;][vc_column_inner width=&#8221;1\/3&#8243;][vc_column_text css=&#8221;.vc_custom_1765929106457{padding-bottom: 20px !important;}&#8221;]<\/p>\n<p style=\"text-align: center;\"><strong>Commune de Montricher<\/strong><\/p>\n<p><a href=\"https:\/\/www.montricher.ch\/\" target=\"_blank\" rel=\"noopener\"><img loading=\"lazy\" class=\"aligncenter wp-image-2356 size-thumbnail\" src=\"https:\/\/www.sdis-etraz-region.ch\/wp-content\/uploads\/2025\/12\/Commune_Montricher_Logo-150x150.png\" alt=\"\" width=\"150\" height=\"150\" srcset=\"https:\/\/www.sdis-etraz-region.ch\/wp-content\/uploads\/2025\/12\/Commune_Montricher_Logo-150x150.png 150w, https:\/\/www.sdis-etraz-region.ch\/wp-content\/uploads\/2025\/12\/Commune_Montricher_Logo-300x300.png 300w, https:\/\/www.sdis-etraz-region.ch\/wp-content\/uploads\/2025\/12\/Commune_Montricher_Logo-1024x1024.png 1024w, https:\/\/www.sdis-etraz-region.ch\/wp-content\/uploads\/2025\/12\/Commune_Montricher_Logo-768x768.png 768w, https:\/\/www.sdis-etraz-region.ch\/wp-content\/uploads\/2025\/12\/Commune_Montricher_Logo-1536x1536.png 1536w, https:\/\/www.sdis-etraz-region.ch\/wp-content\/uploads\/2025\/12\/Commune_Montricher_Logo-24x24.png 24w, https:\/\/www.sdis-etraz-region.ch\/wp-content\/uploads\/2025\/12\/Commune_Montricher_Logo-36x36.png 36w, https:\/\/www.sdis-etraz-region.ch\/wp-content\/uploads\/2025\/12\/Commune_Montricher_Logo-48x48.png 48w\" sizes=\"(max-width: 150px) 100vw, 150px\" \/><\/a>[\/vc_column_text][\/vc_column_inner][vc_column_inner width=&#8221;1\/3&#8243;][vc_column_text css=&#8221;.vc_custom_1765929117075{padding-bottom: 20px !important;}&#8221;]<\/p>\n<p style=\"text-align: center;\"><strong>Commune de Rolle<\/strong><\/p>\n<p style=\"text-align: center;\"><a href=\"https:\/\/www.rolle.ch\" target=\"_blank\" rel=\"noopener\"><img loading=\"lazy\" class=\"aligncenter wp-image-2351 size-thumbnail\" src=\"https:\/\/www.sdis-etraz-region.ch\/wp-content\/uploads\/2025\/12\/Commune_Rolle_logo-150x150.png\" alt=\"\" width=\"150\" height=\"150\" srcset=\"https:\/\/www.sdis-etraz-region.ch\/wp-content\/uploads\/2025\/12\/Commune_Rolle_logo-150x150.png 150w, https:\/\/www.sdis-etraz-region.ch\/wp-content\/uploads\/2025\/12\/Commune_Rolle_logo-300x300.png 300w, https:\/\/www.sdis-etraz-region.ch\/wp-content\/uploads\/2025\/12\/Commune_Rolle_logo-1024x1024.png 1024w, https:\/\/www.sdis-etraz-region.ch\/wp-content\/uploads\/2025\/12\/Commune_Rolle_logo-768x768.png 768w, https:\/\/www.sdis-etraz-region.ch\/wp-content\/uploads\/2025\/12\/Commune_Rolle_logo-1536x1536.png 1536w, https:\/\/www.sdis-etraz-region.ch\/wp-content\/uploads\/2025\/12\/Commune_Rolle_logo.png 2048w, https:\/\/www.sdis-etraz-region.ch\/wp-content\/uploads\/2025\/12\/Commune_Rolle_logo-24x24.png 24w, https:\/\/www.sdis-etraz-region.ch\/wp-content\/uploads\/2025\/12\/Commune_Rolle_logo-36x36.png 36w, https:\/\/www.sdis-etraz-region.ch\/wp-content\/uploads\/2025\/12\/Commune_Rolle_logo-48x48.png 48w\" sizes=\"(max-width: 150px) 100vw, 150px\" \/><\/a><\/p>\n<p>[\/vc_column_text][\/vc_column_inner][vc_column_inner width=&#8221;1\/3&#8243;][vc_column_text css=&#8221;.vc_custom_1765929127446{padding-bottom: 20px !important;}&#8221;]<\/p>\n<p style=\"text-align: center;\"><strong>Commune de F\u00e9chy<\/strong><\/p>\n<p><a href=\"http:\/\/www.fechy.ch\" target=\"_blank\" rel=\"noopener\"><img loading=\"lazy\" class=\"aligncenter wp-image-2334 size-thumbnail\" src=\"https:\/\/www.sdis-etraz-region.ch\/wp-content\/uploads\/2025\/12\/Commune_Fechy_logo-150x150.png\" alt=\"Commune de F\u00e9chy\" width=\"150\" height=\"150\" srcset=\"https:\/\/www.sdis-etraz-region.ch\/wp-content\/uploads\/2025\/12\/Commune_Fechy_logo-150x150.png 150w, https:\/\/www.sdis-etraz-region.ch\/wp-content\/uploads\/2025\/12\/Commune_Fechy_logo-300x300.png 300w, https:\/\/www.sdis-etraz-region.ch\/wp-content\/uploads\/2025\/12\/Commune_Fechy_logo-24x24.png 24w, https:\/\/www.sdis-etraz-region.ch\/wp-content\/uploads\/2025\/12\/Commune_Fechy_logo-36x36.png 36w, https:\/\/www.sdis-etraz-region.ch\/wp-content\/uploads\/2025\/12\/Commune_Fechy_logo-48x48.png 48w, https:\/\/www.sdis-etraz-region.ch\/wp-content\/uploads\/2025\/12\/Commune_Fechy_logo.png 633w\" sizes=\"(max-width: 150px) 100vw, 150px\" \/><\/a>[\/vc_column_text][\/vc_column_inner][vc_column_inner width=&#8221;1\/3&#8243;][vc_column_text css=&#8221;.vc_custom_1766009039773{padding-bottom: 20px !important;}&#8221;]<\/p>\n<p style=\"text-align: center;\"><strong>Commune d&#8217;Aubonne<\/strong><\/p>\n<p style=\"text-align: center;\"><a href=\"http:\/\/www.aubonne.ch\" target=\"_blank\" rel=\"noopener\"><img loading=\"lazy\" class=\"wp-image-2336 size-thumbnail aligncenter\" src=\"https:\/\/www.sdis-etraz-region.ch\/wp-content\/uploads\/2025\/12\/Commune_Aubonne_logo-150x150.png\" alt=\"\" width=\"150\" height=\"150\" srcset=\"https:\/\/www.sdis-etraz-region.ch\/wp-content\/uploads\/2025\/12\/Commune_Aubonne_logo-150x150.png 150w, https:\/\/www.sdis-etraz-region.ch\/wp-content\/uploads\/2025\/12\/Commune_Aubonne_logo-24x24.png 24w, https:\/\/www.sdis-etraz-region.ch\/wp-content\/uploads\/2025\/12\/Commune_Aubonne_logo-36x36.png 36w, https:\/\/www.sdis-etraz-region.ch\/wp-content\/uploads\/2025\/12\/Commune_Aubonne_logo-48x48.png 48w, https:\/\/www.sdis-etraz-region.ch\/wp-content\/uploads\/2025\/12\/Commune_Aubonne_logo.png 186w\" sizes=\"(max-width: 150px) 100vw, 150px\" \/><\/a><\/p>\n<p>[\/vc_column_text][\/vc_column_inner][vc_column_inner width=&#8221;1\/3&#8243;][vc_column_text css=&#8221;.vc_custom_1766009047465{padding-bottom: 20px !important;}&#8221;]<\/p>\n<p style=\"text-align: center;\"><strong>Commune de Saint-Livres<\/strong><\/p>\n<p style=\"text-align: center;\"><a href=\"https:\/\/st-livres.ch\" target=\"_blank\" rel=\"noopener\"><img loading=\"lazy\" class=\"aligncenter wp-image-2342 size-thumbnail\" src=\"https:\/\/www.sdis-etraz-region.ch\/wp-content\/uploads\/2025\/12\/Commune_Saint-Livres_logo-150x150.png\" alt=\"\" width=\"150\" height=\"150\" srcset=\"https:\/\/www.sdis-etraz-region.ch\/wp-content\/uploads\/2025\/12\/Commune_Saint-Livres_logo-150x150.png 150w, https:\/\/www.sdis-etraz-region.ch\/wp-content\/uploads\/2025\/12\/Commune_Saint-Livres_logo-300x300.png 300w, https:\/\/www.sdis-etraz-region.ch\/wp-content\/uploads\/2025\/12\/Commune_Saint-Livres_logo-1024x1024.png 1024w, https:\/\/www.sdis-etraz-region.ch\/wp-content\/uploads\/2025\/12\/Commune_Saint-Livres_logo-768x768.png 768w, https:\/\/www.sdis-etraz-region.ch\/wp-content\/uploads\/2025\/12\/Commune_Saint-Livres_logo-1536x1536.png 1536w, https:\/\/www.sdis-etraz-region.ch\/wp-content\/uploads\/2025\/12\/Commune_Saint-Livres_logo.png 2048w, https:\/\/www.sdis-etraz-region.ch\/wp-content\/uploads\/2025\/12\/Commune_Saint-Livres_logo-24x24.png 24w, https:\/\/www.sdis-etraz-region.ch\/wp-content\/uploads\/2025\/12\/Commune_Saint-Livres_logo-36x36.png 36w, https:\/\/www.sdis-etraz-region.ch\/wp-content\/uploads\/2025\/12\/Commune_Saint-Livres_logo-48x48.png 48w\" sizes=\"(max-width: 150px) 100vw, 150px\" \/><\/a><\/p>\n<p>[\/vc_column_text][\/vc_column_inner][vc_column_inner width=&#8221;1\/3&#8243;][vc_column_text css=&#8221;.vc_custom_1766009066549{padding-bottom: 20px !important;}&#8221;]<\/p>\n<p style=\"text-align: center;\"><strong>Commune de Gimel<\/strong><\/p>\n<p style=\"text-align: center;\"><a href=\"https:\/\/www.gimel.ch\/\" target=\"_blank\" rel=\"noopener\"><img loading=\"lazy\" class=\"aligncenter wp-image-2353 size-thumbnail\" src=\"https:\/\/www.sdis-etraz-region.ch\/wp-content\/uploads\/2025\/12\/Commune_Gimel_Logo-150x150.png\" alt=\"\" width=\"150\" height=\"150\" srcset=\"https:\/\/www.sdis-etraz-region.ch\/wp-content\/uploads\/2025\/12\/Commune_Gimel_Logo-150x150.png 150w, https:\/\/www.sdis-etraz-region.ch\/wp-content\/uploads\/2025\/12\/Commune_Gimel_Logo-24x24.png 24w, https:\/\/www.sdis-etraz-region.ch\/wp-content\/uploads\/2025\/12\/Commune_Gimel_Logo-36x36.png 36w, https:\/\/www.sdis-etraz-region.ch\/wp-content\/uploads\/2025\/12\/Commune_Gimel_Logo-48x48.png 48w, https:\/\/www.sdis-etraz-region.ch\/wp-content\/uploads\/2025\/12\/Commune_Gimel_Logo.png 273w\" sizes=\"(max-width: 150px) 100vw, 150px\" \/><\/a><\/p>\n<p>[\/vc_column_text][\/vc_column_inner][\/vc_row_inner][\/vc_column][\/vc_row][vc_row bg_color=&#8221;#ffffff&#8221;][vc_column][vc_column_text css=&#8221;.vc_custom_1765928135552{padding-bottom: 20px !important;}&#8221;]<\/p>\n<h1><strong>Nos entreprises et institutions partenaires<\/strong><\/h1>\n<p>[\/vc_column_text][vc_row_inner el_class=&#8221;partenairesBlock&#8221;][vc_column_inner width=&#8221;1\/3&#8243;][vc_column_text css=&#8221;.vc_custom_1765929401791{padding-bottom: 20px !important;}&#8221;]<\/p>\n<p style=\"text-align: center;\"><strong>Imprimerie d&#8217;Aubonne<\/strong><\/p>\n<p style=\"text-align: center;\"><a href=\"https:\/\/imprimerie-aubonne.ch\/\" target=\"_blank\" rel=\"noopener\"><img loading=\"lazy\" class=\"aligncenter wp-image-2438 size-thumbnail\" src=\"https:\/\/www.sdis-etraz-region.ch\/wp-content\/uploads\/2025\/12\/Imprimerie-Aubonne_logo-1-150x150.png\" alt=\"\" width=\"150\" height=\"150\" srcset=\"https:\/\/www.sdis-etraz-region.ch\/wp-content\/uploads\/2025\/12\/Imprimerie-Aubonne_logo-1-150x150.png 150w, https:\/\/www.sdis-etraz-region.ch\/wp-content\/uploads\/2025\/12\/Imprimerie-Aubonne_logo-1-300x300.png 300w, https:\/\/www.sdis-etraz-region.ch\/wp-content\/uploads\/2025\/12\/Imprimerie-Aubonne_logo-1-24x24.png 24w, https:\/\/www.sdis-etraz-region.ch\/wp-content\/uploads\/2025\/12\/Imprimerie-Aubonne_logo-1-36x36.png 36w, https:\/\/www.sdis-etraz-region.ch\/wp-content\/uploads\/2025\/12\/Imprimerie-Aubonne_logo-1-48x48.png 48w, https:\/\/www.sdis-etraz-region.ch\/wp-content\/uploads\/2025\/12\/Imprimerie-Aubonne_logo-1.png 336w\" sizes=\"(max-width: 150px) 100vw, 150px\" \/><\/a><\/p>\n<p>[\/vc_column_text][\/vc_column_inner][vc_column_inner width=&#8221;1\/3&#8243;][vc_column_text css=&#8221;.vc_custom_1765929410535{padding-bottom: 20px !important;}&#8221;]<\/p>\n<p style=\"text-align: center;\"><strong>F\u00e9d\u00e9ration vaudoise des sapeurs-pompiers<\/strong><\/p>\n<p style=\"text-align: center;\"><a href=\"https:\/\/fvsp.ch\/\" target=\"_blank\" rel=\"noopener\"><img loading=\"lazy\" class=\"aligncenter wp-image-2429 size-thumbnail\" src=\"https:\/\/www.sdis-etraz-region.ch\/wp-content\/uploads\/2025\/12\/FVSP_logo-1-150x150.png\" alt=\"\" width=\"150\" height=\"150\" srcset=\"https:\/\/www.sdis-etraz-region.ch\/wp-content\/uploads\/2025\/12\/FVSP_logo-1-150x150.png 150w, https:\/\/www.sdis-etraz-region.ch\/wp-content\/uploads\/2025\/12\/FVSP_logo-1-24x24.png 24w, https:\/\/www.sdis-etraz-region.ch\/wp-content\/uploads\/2025\/12\/FVSP_logo-1-36x36.png 36w, https:\/\/www.sdis-etraz-region.ch\/wp-content\/uploads\/2025\/12\/FVSP_logo-1-48x48.png 48w, https:\/\/www.sdis-etraz-region.ch\/wp-content\/uploads\/2025\/12\/FVSP_logo-1.png 259w\" sizes=\"(max-width: 150px) 100vw, 150px\" \/><\/a><\/p>\n<p>[\/vc_column_text][\/vc_column_inner][vc_column_inner width=&#8221;1\/3&#8243;][vc_column_text css=&#8221;.vc_custom_1765929596506{padding-bottom: 20px !important;}&#8221;]<\/p>\n<p style=\"text-align: center;\"><strong>Etablissement cantonal d\u2019assurance<\/strong><\/p>\n<p style=\"text-align: center;\"><a href=\"https:\/\/www.eca-vaud.ch\" target=\"_blank\" rel=\"noopener\"><img loading=\"lazy\" class=\"aligncenter wp-image-2427 size-thumbnail\" src=\"https:\/\/www.sdis-etraz-region.ch\/wp-content\/uploads\/2025\/12\/ECA_logo-150x150.png\" alt=\"\" width=\"150\" height=\"150\" srcset=\"https:\/\/www.sdis-etraz-region.ch\/wp-content\/uploads\/2025\/12\/ECA_logo-150x150.png 150w, https:\/\/www.sdis-etraz-region.ch\/wp-content\/uploads\/2025\/12\/ECA_logo-24x24.png 24w, https:\/\/www.sdis-etraz-region.ch\/wp-content\/uploads\/2025\/12\/ECA_logo-36x36.png 36w, https:\/\/www.sdis-etraz-region.ch\/wp-content\/uploads\/2025\/12\/ECA_logo-48x48.png 48w, https:\/\/www.sdis-etraz-region.ch\/wp-content\/uploads\/2025\/12\/ECA_logo.png 225w\" sizes=\"(max-width: 150px) 100vw, 150px\" \/><\/a><\/p>\n<p>[\/vc_column_text][\/vc_column_inner][vc_column_inner width=&#8221;1\/3&#8243;][vc_column_text css=&#8221;.vc_custom_1765929463489{padding-bottom: 20px !important;}&#8221;]<\/p>\n<p class=\"html-h1 xdj266r x14z9mp xat24cr x1lziwak xexx8yu xyri2b x18d9i69 x1c1uobl x1vvkbs x1heor9g x1qlqyl8 x1pd3egz x1a2a7pz\" style=\"text-align: center;\"><strong>JSP Etraz-R\u00e9gion\u00a0<\/strong><\/p>\n<p style=\"text-align: center;\"><a href=\"https:\/\/www.jsp-etraz-region.ch\/\" target=\"_blank\" rel=\"noopener\"><img loading=\"lazy\" class=\"aligncenter wp-image-2431 size-thumbnail\" src=\"https:\/\/www.sdis-etraz-region.ch\/wp-content\/uploads\/2025\/12\/JSP-Etraz-Region_logo-150x150.png\" alt=\"\" width=\"150\" height=\"150\" srcset=\"https:\/\/www.sdis-etraz-region.ch\/wp-content\/uploads\/2025\/12\/JSP-Etraz-Region_logo-150x150.png 150w, https:\/\/www.sdis-etraz-region.ch\/wp-content\/uploads\/2025\/12\/JSP-Etraz-Region_logo-24x24.png 24w, https:\/\/www.sdis-etraz-region.ch\/wp-content\/uploads\/2025\/12\/JSP-Etraz-Region_logo-36x36.png 36w, https:\/\/www.sdis-etraz-region.ch\/wp-content\/uploads\/2025\/12\/JSP-Etraz-Region_logo-48x48.png 48w, https:\/\/www.sdis-etraz-region.ch\/wp-content\/uploads\/2025\/12\/JSP-Etraz-Region_logo.png 241w\" sizes=\"(max-width: 150px) 100vw, 150px\" \/><\/a><\/p>\n<p>[\/vc_column_text][\/vc_column_inner][vc_column_inner width=&#8221;1\/3&#8243;][vc_column_text css=&#8221;.vc_custom_1765929453794{padding-bottom: 20px !important;}&#8221;]<\/p>\n<p style=\"text-align: center;\"><strong>Groupement Vaudois des JSP<\/strong><\/p>\n<p style=\"text-align: center;\"><a href=\"https:\/\/www.jsp.ch\/\" target=\"_blank\" rel=\"noopener\"><img loading=\"lazy\" class=\"aligncenter wp-image-2430 size-thumbnail\" src=\"https:\/\/www.sdis-etraz-region.ch\/wp-content\/uploads\/2025\/12\/GVJSP_logo-150x150.png\" alt=\"\" width=\"150\" height=\"150\" srcset=\"https:\/\/www.sdis-etraz-region.ch\/wp-content\/uploads\/2025\/12\/GVJSP_logo-150x150.png 150w, https:\/\/www.sdis-etraz-region.ch\/wp-content\/uploads\/2025\/12\/GVJSP_logo-24x24.png 24w, https:\/\/www.sdis-etraz-region.ch\/wp-content\/uploads\/2025\/12\/GVJSP_logo-36x36.png 36w, https:\/\/www.sdis-etraz-region.ch\/wp-content\/uploads\/2025\/12\/GVJSP_logo-48x48.png 48w, https:\/\/www.sdis-etraz-region.ch\/wp-content\/uploads\/2025\/12\/GVJSP_logo.png 250w\" sizes=\"(max-width: 150px) 100vw, 150px\" \/><\/a><\/p>\n<p>[\/vc_column_text][\/vc_column_inner][vc_column_inner width=&#8221;1\/3&#8243;][vc_column_text css=&#8221;.vc_custom_1765929469987{padding-bottom: 20px !important;}&#8221;]<\/p>\n<p style=\"text-align: center;\"><strong>F\u00e9d\u00e9ration suisse des sapeurs-pompiers\u00a0<\/strong><\/p>\n<p style=\"text-align: center;\"><a href=\"https:\/\/www.swissfire.ch\/home-fr\" target=\"_blank\" rel=\"noopener\"><img loading=\"lazy\" class=\"aligncenter wp-image-2426 size-thumbnail\" src=\"https:\/\/www.sdis-etraz-region.ch\/wp-content\/uploads\/2025\/12\/FSSP_logo-150x150.png\" alt=\"\" width=\"150\" height=\"150\" srcset=\"https:\/\/www.sdis-etraz-region.ch\/wp-content\/uploads\/2025\/12\/FSSP_logo-150x150.png 150w, https:\/\/www.sdis-etraz-region.ch\/wp-content\/uploads\/2025\/12\/FSSP_logo-300x300.png 300w, https:\/\/www.sdis-etraz-region.ch\/wp-content\/uploads\/2025\/12\/FSSP_logo-24x24.png 24w, https:\/\/www.sdis-etraz-region.ch\/wp-content\/uploads\/2025\/12\/FSSP_logo-36x36.png 36w, https:\/\/www.sdis-etraz-region.ch\/wp-content\/uploads\/2025\/12\/FSSP_logo-48x48.png 48w, https:\/\/www.sdis-etraz-region.ch\/wp-content\/uploads\/2025\/12\/FSSP_logo.png 525w\" sizes=\"(max-width: 150px) 100vw, 150px\" \/><\/a><\/p>\n<p>[\/vc_column_text][\/vc_column_inner][\/vc_row_inner][\/vc_column][\/vc_row]<\/p>\n","protected":false},"excerpt":{"rendered":"<p>[vc_row bg_color=&#8221;#ffffff&#8221;][vc_column][vc_column_text css=&#8221;.vc_custom_1765925675265{margin-bottom: 80px !important;}&#8221;]<br \/>\nInstitutions et entreprises avec label &#8220;employeur partenaire&#8221;<br \/>\n<img loading=\"lazy\" class=\"wp-image-2340 size-thumbnail alignleft\" src=\"https:\/\/www.sdis-etraz-region.ch\/wp-content\/uploads\/2025\/12\/logo-employeur-plein_1x1-150x150.png\" alt=\"\" width=\"150\" height=\"150\" srcset=\"https:\/\/www.sdis-etraz-region.ch\/wp-content\/uploads\/2025\/12\/logo-employeur-plein_1x1-150x150.png 150w, https:\/\/www.sdis-etraz-region.ch\/wp-content\/uploads\/2025\/12\/logo-employeur-plein_1x1-300x300.png 300w, https:\/\/www.sdis-etraz-region.ch\/wp-content\/uploads\/2025\/12\/logo-employeur-plein_1x1-1024x1024.png 1024w, https:\/\/www.sdis-etraz-region.ch\/wp-content\/uploads\/2025\/12\/logo-employeur-plein_1x1-768x768.png 768w, https:\/\/www.sdis-etraz-region.ch\/wp-content\/uploads\/2025\/12\/logo-employeur-plein_1x1-1536x1536.png 1536w, https:\/\/www.sdis-etraz-region.ch\/wp-content\/uploads\/2025\/12\/logo-employeur-plein_1x1-24x24.png 24w, https:\/\/www.sdis-etraz-region.ch\/wp-content\/uploads\/2025\/12\/logo-employeur-plein_1x1-36x36.png 36w, https:\/\/www.sdis-etraz-region.ch\/wp-content\/uploads\/2025\/12\/logo-employeur-plein_1x1-48x48.png 48w, https:\/\/www.sdis-etraz-region.ch\/wp-content\/uploads\/2025\/12\/logo-employeur-plein_1x1.png 1877w\" sizes=\"(max-width: 150px) 100vw, 150px\" \/>Le label \u00ab\u2009Employeur partenaire\u2009\u00bb est d\u00e9cern\u00e9 aux entreprises, communes et entit\u00e9s publiques qui emploient un ou des sapeurs-pompiers. Il s\u2019agit d\u2019une reconnaissance de leur implication dans le syst\u00e8me de protection contre le feu et les \u00e9l\u00e9ments naturels.<br \/>\nObtenir le label[\/vc_column_text][vc_column_text [&#8230;]<\/p>\n","protected":false},"author":1,"featured_media":0,"parent":0,"menu_order":0,"comment_status":"closed","ping_status":"closed","template":"page-full-width.php","meta":[],"_links":{"self":[{"href":"https:\/\/www.sdis-etraz-region.ch\/index.php\/wp-json\/wp\/v2\/pages\/84"}],"collection":[{"href":"https:\/\/www.sdis-etraz-region.ch\/index.php\/wp-json\/wp\/v2\/pages"}],"about":[{"href":"https:\/\/www.sdis-etraz-region.ch\/index.php\/wp-json\/wp\/v2\/types\/page"}],"author":[{"embeddable":true,"href":"https:\/\/www.sdis-etraz-region.ch\/index.php\/wp-json\/wp\/v2\/users\/1"}],"replies":[{"embeddable":true,"href":"https:\/\/www.sdis-etraz-region.ch\/index.php\/wp-json\/wp\/v2\/comments?post=84"}],"version-history":[{"count":109,"href":"https:\/\/www.sdis-etraz-region.ch\/index.php\/wp-json\/wp\/v2\/pages\/84\/revisions"}],"predecessor-version":[{"id":2460,"href":"https:\/\/www.sdis-etraz-region.ch\/index.php\/wp-json\/wp\/v2\/pages\/84\/revisions\/2460"}],"wp:attachment":[{"href":"https:\/\/www.sdis-etraz-region.ch\/index.php\/wp-json\/wp\/v2\/media?parent=84"}],"curies":[{"name":"wp","href":"https:\/\/api.w.org\/{rel}","templated":true}]}}